{"id":2001,"date":"2025-05-22T09:09:10","date_gmt":"2025-05-22T07:09:10","guid":{"rendered":"https:\/\/www.vhs-burgenland.at\/wp_neu\/?page_id=2001"},"modified":"2025-10-01T10:36:33","modified_gmt":"2025-10-01T08:36:33","slug":"deutsch-als-fremdsprache","status":"publish","type":"page","link":"https:\/\/www.vhs-burgenland.at\/wp_neu\/angebot\/sprachen\/deutsch-als-fremdsprache\/","title":{"rendered":"Deutsch als Fremdsprache"},"content":{"rendered":"\t\t<div data-elementor-type=\"wp-page\" data-elementor-id=\"2001\" class=\"elementor elementor-2001\">\n\t\t\t\t<div class=\"elementor-element elementor-element-ce80bab e-flex e-con-boxed e-con e-parent\" data-id=\"ce80bab\" data-element_type=\"container\" data-e-type=\"container\">\n\t\t\t\t\t<div class=\"e-con-inner\">\n\t\t<div class=\"elementor-element elementor-element-014fe70 e-con-full e-flex e-con e-child\" data-id=\"014fe70\" data-element_type=\"container\" data-e-type=\"container\">\n\t\t\t\t<div class=\"elementor-element elementor-element-200c089 elementor-widget__width-initial elementor-icon-list--layout-traditional elementor-list-item-link-full_width elementor-widget elementor-widget-icon-list\" data-id=\"200c089\" data-element_type=\"widget\" data-e-type=\"widget\" data-widget_type=\"icon-list.default\">\n\t\t\t\t<div class=\"elementor-widget-container\">\n\t\t\t\t\t\t\t<ul class=\"elementor-icon-list-items\">\n\t\t\t\t\t\t\t<li class=\"elementor-icon-list-item\">\n\t\t\t\t\t\t\t\t\t\t\t<span class=\"elementor-icon-list-icon\">\n\t\t\t\t\t\t\t<svg aria-hidden=\"true\" class=\"e-font-icon-svg e-fas-chevron-right\" viewBox=\"0 0 320 512\" xmlns=\"http:\/\/www.w3.org\/2000\/svg\"><path d=\"M285.476 272.971L91.132 467.314c-9.373 9.373-24.569 9.373-33.941 0l-22.667-22.667c-9.357-9.357-9.375-24.522-.04-33.901L188.505 256 34.484 101.255c-9.335-9.379-9.317-24.544.04-33.901l22.667-22.667c9.373-9.373 24.569-9.373 33.941 0L285.475 239.03c9.373 9.372 9.373 24.568.001 33.941z\"><\/path><\/svg>\t\t\t\t\t\t<\/span>\n\t\t\t\t\t\t\t\t\t\t<span class=\"elementor-icon-list-text\">Deutsch als Fremdsprache<\/span>\n\t\t\t\t\t\t\t\t\t<\/li>\n\t\t\t\t\t\t\t\t<li class=\"elementor-icon-list-item\">\n\t\t\t\t\t\t\t\t\t\t\t<a href=\"https:\/\/www.vhs-burgenland.at\/wp_neu\/angebot\/sprachen\/sprachniveaus\/\">\n\n\t\t\t\t\t\t\t\t\t\t\t\t<span class=\"elementor-icon-list-icon\">\n\t\t\t\t\t\t\t<svg aria-hidden=\"true\" class=\"e-font-icon-svg e-fas-chevron-right\" viewBox=\"0 0 320 512\" xmlns=\"http:\/\/www.w3.org\/2000\/svg\"><path d=\"M285.476 272.971L91.132 467.314c-9.373 9.373-24.569 9.373-33.941 0l-22.667-22.667c-9.357-9.357-9.375-24.522-.04-33.901L188.505 256 34.484 101.255c-9.335-9.379-9.317-24.544.04-33.901l22.667-22.667c9.373-9.373 24.569-9.373 33.941 0L285.475 239.03c9.373 9.372 9.373 24.568.001 33.941z\"><\/path><\/svg>\t\t\t\t\t\t<\/span>\n\t\t\t\t\t\t\t\t\t\t<span class=\"elementor-icon-list-text\">Sprachniveaus<\/span>\n\t\t\t\t\t\t\t\t\t\t\t<\/a>\n\t\t\t\t\t\t\t\t\t<\/li>\n\t\t\t\t\t\t\t\t<li class=\"elementor-icon-list-item\">\n\t\t\t\t\t\t\t\t\t\t\t<a href=\"https:\/\/www.vhs-burgenland.at\/wp_neu\/angebot\/sprachen\/sprachen-angebot\/\">\n\n\t\t\t\t\t\t\t\t\t\t\t\t<span class=\"elementor-icon-list-icon\">\n\t\t\t\t\t\t\t<svg aria-hidden=\"true\" class=\"e-font-icon-svg e-fas-chevron-right\" viewBox=\"0 0 320 512\" xmlns=\"http:\/\/www.w3.org\/2000\/svg\"><path d=\"M285.476 272.971L91.132 467.314c-9.373 9.373-24.569 9.373-33.941 0l-22.667-22.667c-9.357-9.357-9.375-24.522-.04-33.901L188.505 256 34.484 101.255c-9.335-9.379-9.317-24.544.04-33.901l22.667-22.667c9.373-9.373 24.569-9.373 33.941 0L285.475 239.03c9.373 9.372 9.373 24.568.001 33.941z\"><\/path><\/svg>\t\t\t\t\t\t<\/span>\n\t\t\t\t\t\t\t\t\t\t<span class=\"elementor-icon-list-text\">Sprachen Angebot<\/span>\n\t\t\t\t\t\t\t\t\t\t\t<\/a>\n\t\t\t\t\t\t\t\t\t<\/li>\n\t\t\t\t\t\t\t\t<li class=\"elementor-icon-list-item\">\n\t\t\t\t\t\t\t\t\t\t\t<a href=\"https:\/\/www.vhs-burgenland.at\/wp_neu\/angebot\/sprachen\/sprachzertifikate\/\">\n\n\t\t\t\t\t\t\t\t\t\t\t\t<span class=\"elementor-icon-list-icon\">\n\t\t\t\t\t\t\t<svg aria-hidden=\"true\" class=\"e-font-icon-svg e-fas-chevron-right\" viewBox=\"0 0 320 512\" xmlns=\"http:\/\/www.w3.org\/2000\/svg\"><path d=\"M285.476 272.971L91.132 467.314c-9.373 9.373-24.569 9.373-33.941 0l-22.667-22.667c-9.357-9.357-9.375-24.522-.04-33.901L188.505 256 34.484 101.255c-9.335-9.379-9.317-24.544.04-33.901l22.667-22.667c9.373-9.373 24.569-9.373 33.941 0L285.475 239.03c9.373 9.372 9.373 24.568.001 33.941z\"><\/path><\/svg>\t\t\t\t\t\t<\/span>\n\t\t\t\t\t\t\t\t\t\t<span class=\"elementor-icon-list-text\">Sprachzertifikate<\/span>\n\t\t\t\t\t\t\t\t\t\t\t<\/a>\n\t\t\t\t\t\t\t\t\t<\/li>\n\t\t\t\t\t\t<\/ul>\n\t\t\t\t\t\t<\/div>\n\t\t\t\t<\/div>\n\t\t<div class=\"elementor-element elementor-element-b5ef3ff e-con-full e-flex e-con e-child\" data-id=\"b5ef3ff\" data-element_type=\"container\" data-e-type=\"container\" data-settings=\"{&quot;background_background&quot;:&quot;classic&quot;}\">\n\t\t\t\t<div class=\"elementor-element elementor-element-b696545 elementor-view-default elementor-widget elementor-widget-icon\" data-id=\"b696545\" data-element_type=\"widget\" data-e-type=\"widget\" data-widget_type=\"icon.default\">\n\t\t\t\t<div class=\"elementor-widget-container\">\n\t\t\t\t\t\t\t<div class=\"elementor-icon-wrapper\">\n\t\t\t<div class=\"elementor-icon\">\n\t\t\t<svg aria-hidden=\"true\" class=\"e-font-icon-svg e-fas-link\" viewBox=\"0 0 512 512\" xmlns=\"http:\/\/www.w3.org\/2000\/svg\"><path d=\"M326.612 185.391c59.747 59.809 58.927 155.698.36 214.59-.11.12-.24.25-.36.37l-67.2 67.2c-59.27 59.27-155.699 59.262-214.96 0-59.27-59.26-59.27-155.7 0-214.96l37.106-37.106c9.84-9.84 26.786-3.3 27.294 10.606.648 17.722 3.826 35.527 9.69 52.721 1.986 5.822.567 12.262-3.783 16.612l-13.087 13.087c-28.026 28.026-28.905 73.66-1.155 101.96 28.024 28.579 74.086 28.749 102.325.51l67.2-67.19c28.191-28.191 28.073-73.757 0-101.83-3.701-3.694-7.429-6.564-10.341-8.569a16.037 16.037 0 0 1-6.947-12.606c-.396-10.567 3.348-21.456 11.698-29.806l21.054-21.055c5.521-5.521 14.182-6.199 20.584-1.731a152.482 152.482 0 0 1 20.522 17.197zM467.547 44.449c-59.261-59.262-155.69-59.27-214.96 0l-67.2 67.2c-.12.12-.25.25-.36.37-58.566 58.892-59.387 154.781.36 214.59a152.454 152.454 0 0 0 20.521 17.196c6.402 4.468 15.064 3.789 20.584-1.731l21.054-21.055c8.35-8.35 12.094-19.239 11.698-29.806a16.037 16.037 0 0 0-6.947-12.606c-2.912-2.005-6.64-4.875-10.341-8.569-28.073-28.073-28.191-73.639 0-101.83l67.2-67.19c28.239-28.239 74.3-28.069 102.325.51 27.75 28.3 26.872 73.934-1.155 101.96l-13.087 13.087c-4.35 4.35-5.769 10.79-3.783 16.612 5.864 17.194 9.042 34.999 9.69 52.721.509 13.906 17.454 20.446 27.294 10.606l37.106-37.106c59.271-59.259 59.271-155.699.001-214.959z\"><\/path><\/svg>\t\t\t<\/div>\n\t\t<\/div>\n\t\t\t\t\t\t<\/div>\n\t\t\t\t<\/div>\n\t\t\t\t<div class=\"elementor-element elementor-element-3b1d119 elementor-widget elementor-widget-text-editor\" data-id=\"3b1d119\" data-element_type=\"widget\" data-e-type=\"widget\" data-widget_type=\"text-editor.default\">\n\t\t\t\t<div class=\"elementor-widget-container\">\n\t\t\t\t\t\t\t\t\t<p><b>Link<\/b><\/p><p><a href=\"https:\/\/www.integrationsfonds.at\">www.integrationsfonds.at<\/a><\/p>\t\t\t\t\t\t\t\t<\/div>\n\t\t\t\t<\/div>\n\t\t\t\t<\/div>\n\t\t\t\t<\/div>\n\t\t\t\t<div class=\"elementor-element elementor-element-d806977 elementor-widget elementor-widget-text-editor\" data-id=\"d806977\" data-element_type=\"widget\" data-e-type=\"widget\" data-widget_type=\"text-editor.default\">\n\t\t\t\t<div class=\"elementor-widget-container\">\n\t\t\t\t\t\t\t\t\t<div class=\"wpb_text_column wpb_content_element \"><h1 data-start=\"0\" data-end=\"64\"><strong data-start=\"4\" data-end=\"62\">Deutsch als Fremdsprache \u2013 Ihre Chance zur Integration<\/strong><\/h1><p data-start=\"66\" data-end=\"352\">Wir bieten <strong data-start=\"77\" data-end=\"125\">kostenlose Deutschkurse f\u00fcr Asylwerber*innen<\/strong> in Kooperation mit dem <strong data-start=\"149\" data-end=\"168\">Land Burgenland<\/strong> an. Diese Kurse sind speziell darauf ausgerichtet, die <strong data-start=\"224\" data-end=\"254\">Integration zu erleichtern<\/strong> und eine <strong data-start=\"264\" data-end=\"337\">solide sprachliche Grundlage f\u00fcr das Leben und Arbeiten in \u00d6sterreich<\/strong> zu schaffen.<\/p><p data-start=\"66\" data-end=\"352\"><strong data-start=\"363\" data-end=\"411\">Individuelle Unterst\u00fctzung in Ihrer Gemeinde<br \/><\/strong>Ben\u00f6tigen Sie einen <strong data-start=\"434\" data-end=\"470\">Deutschkurs f\u00fcr Asylwerber*innen<\/strong> in Ihrer Gemeinde? <strong data-start=\"490\" data-end=\"515\">Kontaktieren Sie uns!<\/strong> Gemeinsam finden wir eine passende L\u00f6sung:\u00a0<strong data-start=\"565\" data-end=\"577\">Telefon:<\/strong> 0 26 82 \/ 61 363<\/p><h2 data-start=\"603\" data-end=\"648\">Online-Ressourcen zum Deutschlernen<\/h2><p data-start=\"649\" data-end=\"746\">Nutzen Sie kostenlose Online-Plattformen, um Ihre Deutschkenntnisse eigenst\u00e4ndig zu verbessern:<\/p><ul><li data-start=\"748\" data-end=\"1001\">Ich will Deutsch lernen: <a href=\"https:\/\/www.iwdl.de\" rel=\"noopener\" data-start=\"780\" data-end=\"814\">www.iwdl.de<\/a><\/li><li data-start=\"748\" data-end=\"1001\">Sprachportal des Integrationsfonds: <a href=\"https:\/\/www.sprachportal.at\" rel=\"noopener\" data-start=\"860\" data-end=\"910\">www.sprachportal.at<\/a><\/li><li data-start=\"748\" data-end=\"1001\">Deutsch-\u00f6sterreichische Plattform: <a href=\"https:\/\/www.deutsch.info\" rel=\"noopener\" data-start=\"955\" data-end=\"999\">www.deutsch.info<\/a><\/li><\/ul><h2 data-start=\"1008\" data-end=\"1050\">Vorbereitung auf Sprachpr\u00fcfungen<\/h2><p data-start=\"1051\" data-end=\"1177\">\u00d6sterreichisches Sprachdiplom (\u00d6SD): <a href=\"https:\/\/www.osd.at\" rel=\"noopener\" data-start=\"1095\" data-end=\"1127\">www.osd.at<\/a><br \/>Einstufungstests f\u00fcr Ihr Sprachniveau:<\/p><ul data-start=\"1178\" data-end=\"1309\"><li data-start=\"1178\" data-end=\"1249\"><strong data-start=\"1180\" data-end=\"1202\">Pluspunkt Deutsch:<\/strong> <a href=\"https:\/\/www.cornelsen.de\" rel=\"noopener\" data-start=\"1203\" data-end=\"1247\">www.cornelsen.de<\/a><\/li><li data-start=\"1250\" data-end=\"1309\"><strong data-start=\"1252\" data-end=\"1272\">WIFI \u00d6sterreich:<\/strong> <a href=\"https:\/\/www.wifi.at\" rel=\"noopener\" data-start=\"1273\" data-end=\"1307\">www.wifi.at<\/a><\/li><\/ul><h2 data-start=\"1316\" data-end=\"1390\">Kursf\u00f6rderung durch den \u00d6sterreichischen Integrationsfonds (\u00d6IF)<\/h2><p data-start=\"1391\" data-end=\"1569\">Asylberechtigte und subsidi\u00e4r Schutzberechtigte k\u00f6nnen eine <strong data-start=\"1451\" data-end=\"1482\">Kursf\u00f6rderung durch den \u00d6IF<\/strong> beantragen. F\u00fcr Informationen zu den F\u00f6rderkriterien <strong data-start=\"1536\" data-end=\"1567\">kontaktieren Sie uns gerne.<\/strong><\/p><h2 data-start=\"1576\" data-end=\"1654\">Die Integrationsvereinbarung \u2013 Sprachkenntnisse f\u00fcr Aufenthaltstitel<\/h2><ul><li data-start=\"1655\" data-end=\"1820\"><strong data-start=\"1658\" data-end=\"1697\">A2-Niveau innerhalb von zwei Jahren<\/strong> f\u00fcr die <strong data-start=\"1706\" data-end=\"1732\">Aufenthaltsbewilligung<\/strong><\/li><li data-start=\"1655\" data-end=\"1820\"><strong data-start=\"1738\" data-end=\"1795\">B1-Niveau f\u00fcr Daueraufenthalt <\/strong>oder <strong data-start=\"1738\" data-end=\"1795\">Staatsb\u00fcrgerschaft<\/strong> (+ Landeskundepr\u00fcfung)<\/li><\/ul><p data-start=\"1822\" data-end=\"1931\">Wir bieten zertifizierte<strong data-start=\"1822\" data-end=\"1878\"> \u201eDeutsch-Integrationskurse\u201c<\/strong>, um Sie optimal auf diese Pr\u00fcfungen vorzubereiten.<\/p><p data-start=\"1933\" data-end=\"1976\" data-is-last-node=\"\" data-is-only-node=\"\">Jetzt beraten lassen &amp; durchstarten!<\/p><\/div>\t\t\t\t\t\t\t\t<\/div>\n\t\t\t\t<\/div>\n\t\t\t\t\t<\/div>\n\t\t\t\t<\/div>\n\t\t<div class=\"elementor-element elementor-element-9ff1ef5 e-flex e-con-boxed e-con e-parent\" data-id=\"9ff1ef5\" data-element_type=\"container\" data-e-type=\"container\" data-settings=\"{&quot;background_background&quot;:&quot;classic&quot;}\">\n\t\t\t\t\t<div class=\"e-con-inner\">\n\t\t<div class=\"elementor-element elementor-element-5c1aa69 e-con-full e-flex e-con e-child\" data-id=\"5c1aa69\" data-element_type=\"container\" data-e-type=\"container\" data-settings=\"{&quot;background_background&quot;:&quot;classic&quot;}\">\n\t\t\t\t<div class=\"elementor-element elementor-element-32902dc elementor-position-inline-start elementor-view-default elementor-mobile-position-block-start elementor-widget elementor-widget-icon-box\" data-id=\"32902dc\" data-element_type=\"widget\" data-e-type=\"widget\" data-widget_type=\"icon-box.default\">\n\t\t\t\t<div class=\"elementor-widget-container\">\n\t\t\t\t\t\t\t<div class=\"elementor-icon-box-wrapper\">\n\n\t\t\t\t\t\t<div class=\"elementor-icon-box-icon\">\n\t\t\t\t<span  class=\"elementor-icon\">\n\t\t\t\t<svg aria-hidden=\"true\" class=\"e-font-icon-svg e-fas-user-circle\" viewBox=\"0 0 496 512\" xmlns=\"http:\/\/www.w3.org\/2000\/svg\"><path d=\"M248 8C111 8 0 119 0 256s111 248 248 248 248-111 248-248S385 8 248 8zm0 96c48.6 0 88 39.4 88 88s-39.4 88-88 88-88-39.4-88-88 39.4-88 88-88zm0 344c-58.7 0-111.3-26.6-146.5-68.2 18.8-35.4 55.6-59.8 98.5-59.8 2.4 0 4.8.4 7.1 1.1 13 4.2 26.6 6.9 40.9 6.9 14.3 0 28-2.7 40.9-6.9 2.3-.7 4.7-1.1 7.1-1.1 42.9 0 79.7 24.4 98.5 59.8C359.3 421.4 306.7 448 248 448z\"><\/path><\/svg>\t\t\t\t<\/span>\n\t\t\t<\/div>\n\t\t\t\n\t\t\t\t\t\t<div class=\"elementor-icon-box-content\">\n\n\t\t\t\t\t\t\t\t\t<h3 class=\"elementor-icon-box-title\">\n\t\t\t\t\t\t<span  >\n\t\t\t\t\t\t\tKontakt\t\t\t\t\t\t<\/span>\n\t\t\t\t\t<\/h3>\n\t\t\t\t\n\t\t\t\t\n\t\t\t<\/div>\n\t\t\t\n\t\t<\/div>\n\t\t\t\t\t\t<\/div>\n\t\t\t\t<\/div>\n\t\t\t\t<\/div>\n\t\t<div class=\"elementor-element elementor-element-0adfda4 e-con-full e-flex e-con e-child\" data-id=\"0adfda4\" data-element_type=\"container\" data-e-type=\"container\">\n\t\t\t\t<div class=\"elementor-element elementor-element-5183620 elementor-widget elementor-widget-text-editor\" data-id=\"5183620\" data-element_type=\"widget\" data-e-type=\"widget\" data-widget_type=\"text-editor.default\">\n\t\t\t\t<div class=\"elementor-widget-container\">\n\t\t\t\t\t\t\t\t\t<p>Krisztina Kavan, MAS<br \/>0 33 52\/ 34 525-38<br \/><a href=\"mailto:sprachen@vhs-burgenland.at\">sprachen@vhs-burgenland.at<\/a><\/p>\t\t\t\t\t\t\t\t<\/div>\n\t\t\t\t<\/div>\n\t\t\t\t<\/div>\n\t\t\t\t\t<\/div>\n\t\t\t\t<\/div>\n\t\t\t\t<\/div>\n\t\t","protected":false},"excerpt":{"rendered":"<p>Deutsch als Fremdsprache Sprachniveaus Sprachen Angebot Sprachzertifikate Link www.integrationsfonds.at Deutsch als Fremdsprache \u2013 Ihre Chance zur Integration Wir bieten kostenlose Deutschkurse f\u00fcr Asylwerber*innen in Kooperation mit dem Land Burgenland an. Diese Kurse sind speziell darauf ausgerichtet, die Integration zu erleichtern und eine solide sprachliche Grundlage f\u00fcr das Leben und Arbeiten in \u00d6sterreich zu schaffen. Individuelle [&hellip;]<\/p>\n","protected":false},"author":1,"featured_media":0,"parent":287,"menu_order":0,"comment_status":"closed","ping_status":"closed","template":"","meta":{"_eb_attr":"","ocean_post_layout":"","ocean_both_sidebars_style":"","ocean_both_sidebars_content_width":0,"ocean_both_sidebars_sidebars_width":0,"ocean_sidebar":"","ocean_second_sidebar":"","ocean_disable_margins":"enable","ocean_add_body_class":"","ocean_shortcode_before_top_bar":"","ocean_shortcode_after_top_bar":"","ocean_shortcode_before_header":"","ocean_shortcode_after_header":"","ocean_has_shortcode":"","ocean_shortcode_after_title":"","ocean_shortcode_before_footer_widgets":"","ocean_shortcode_after_footer_widgets":"","ocean_shortcode_before_footer_bottom":"","ocean_shortcode_after_footer_bottom":"","ocean_display_top_bar":"default","ocean_display_header":"default","ocean_header_style":"","ocean_center_header_left_menu":"","ocean_custom_header_template":"","ocean_custom_logo":0,"ocean_custom_retina_logo":0,"ocean_custom_logo_max_width":0,"ocean_custom_logo_tablet_max_width":0,"ocean_custom_logo_mobile_max_width":0,"ocean_custom_logo_max_height":0,"ocean_custom_logo_tablet_max_height":0,"ocean_custom_logo_mobile_max_height":0,"ocean_header_custom_menu":"","ocean_menu_typo_font_family":"","ocean_menu_typo_font_subset":"","ocean_menu_typo_font_size":0,"ocean_menu_typo_font_size_tablet":0,"ocean_menu_typo_font_size_mobile":0,"ocean_menu_typo_font_size_unit":"px","ocean_menu_typo_font_weight":"","ocean_menu_typo_font_weight_tablet":"","ocean_menu_typo_font_weight_mobile":"","ocean_menu_typo_transform":"","ocean_menu_typo_transform_tablet":"","ocean_menu_typo_transform_mobile":"","ocean_menu_typo_line_height":0,"ocean_menu_typo_line_height_tablet":0,"ocean_menu_typo_line_height_mobile":0,"ocean_menu_typo_line_height_unit":"","ocean_menu_typo_spacing":0,"ocean_menu_typo_spacing_tablet":0,"ocean_menu_typo_spacing_mobile":0,"ocean_menu_typo_spacing_unit":"","ocean_menu_link_color":"","ocean_menu_link_color_hover":"","ocean_menu_link_color_active":"","ocean_menu_link_background":"","ocean_menu_link_hover_background":"","ocean_menu_link_active_background":"","ocean_menu_social_links_bg":"","ocean_menu_social_hover_links_bg":"","ocean_menu_social_links_color":"","ocean_menu_social_hover_links_color":"","ocean_disable_title":"default","ocean_disable_heading":"default","ocean_post_title":"","ocean_post_subheading":"","ocean_post_title_style":"","ocean_post_title_background_color":"","ocean_post_title_background":0,"ocean_post_title_bg_image_position":"","ocean_post_title_bg_image_attachment":"","ocean_post_title_bg_image_repeat":"","ocean_post_title_bg_image_size":"","ocean_post_title_height":0,"ocean_post_title_bg_overlay":0.5,"ocean_post_title_bg_overlay_color":"","ocean_disable_breadcrumbs":"default","ocean_breadcrumbs_color":"","ocean_breadcrumbs_separator_color":"","ocean_breadcrumbs_links_color":"","ocean_breadcrumbs_links_hover_color":"","ocean_display_footer_widgets":"default","ocean_display_footer_bottom":"default","ocean_custom_footer_template":"","osh_disable_topbar_sticky":"default","osh_disable_header_sticky":"default","osh_sticky_header_style":"default","osh_sticky_header_effect":"","osh_custom_sticky_logo":0,"osh_custom_retina_sticky_logo":0,"osh_custom_sticky_logo_height":0,"osh_background_color":"","osh_links_color":"","osh_links_hover_color":"","osh_links_active_color":"","osh_links_bg_color":"","osh_links_hover_bg_color":"","osh_links_active_bg_color":"","osh_menu_social_links_color":"","osh_menu_social_hover_links_color":"","_mc_calendar":[],"footnotes":""},"class_list":["post-2001","page","type-page","status-publish","hentry","entry"],"yoast_head":"<!-- This site is optimized with the Yoast SEO plugin v27.4 - https:\/\/yoast.com\/product\/yoast-seo-wordpress\/ -->\n<title>Deutsch als Fremdsprache - VHS Burgenl\u00e4ndische Volkshochschulen<\/title>\n<meta name=\"description\" content=\"Deutsch als Fremdsprache bei den Burgenl\u00e4ndischen Volkshochschulen: Sprachkurse f\u00fcr Alltag, Beruf &amp; Integration \u2013 praxisnah und individuell im Burgenland.\" \/>\n<meta name=\"robots\" content=\"index, follow, max-snippet:-1, max-image-preview:large, max-video-preview:-1\" \/>\n<link rel=\"canonical\" href=\"https:\/\/www.vhs-burgenland.at\/wp_neu\/angebot\/sprachen\/deutsch-als-fremdsprache\/\" \/>\n<meta property=\"og:locale\" content=\"de_DE\" \/>\n<meta property=\"og:type\" content=\"article\" \/>\n<meta property=\"og:title\" content=\"Deutsch als Fremdsprache - VHS Burgenl\u00e4ndische Volkshochschulen\" \/>\n<meta property=\"og:description\" content=\"Deutsch als Fremdsprache bei den Burgenl\u00e4ndischen Volkshochschulen: Sprachkurse f\u00fcr Alltag, Beruf &amp; Integration \u2013 praxisnah und individuell im Burgenland.\" \/>\n<meta property=\"og:url\" content=\"https:\/\/www.vhs-burgenland.at\/wp_neu\/angebot\/sprachen\/deutsch-als-fremdsprache\/\" \/>\n<meta property=\"og:site_name\" content=\"VHS Burgenl\u00e4ndische Volkshochschulen\" \/>\n<meta property=\"article:publisher\" content=\"https:\/\/www.facebook.com\/BurgenlaendischeVolkshochschulen\/\" \/>\n<meta property=\"article:modified_time\" content=\"2025-10-01T08:36:33+00:00\" \/>\n<meta name=\"twitter:card\" content=\"summary_large_image\" \/>\n<meta name=\"twitter:label1\" content=\"Gesch\u00e4tzte Lesezeit\" \/>\n\t<meta name=\"twitter:data1\" content=\"2 Minuten\" \/>\n<script type=\"application\/ld+json\" class=\"yoast-schema-graph\">{\"@context\":\"https:\\\/\\\/schema.org\",\"@graph\":[{\"@type\":\"WebPage\",\"@id\":\"https:\\\/\\\/www.vhs-burgenland.at\\\/wp_neu\\\/angebot\\\/sprachen\\\/deutsch-als-fremdsprache\\\/\",\"url\":\"https:\\\/\\\/www.vhs-burgenland.at\\\/wp_neu\\\/angebot\\\/sprachen\\\/deutsch-als-fremdsprache\\\/\",\"name\":\"Deutsch als Fremdsprache - VHS Burgenl\u00e4ndische Volkshochschulen\",\"isPartOf\":{\"@id\":\"https:\\\/\\\/www.vhs-burgenland.at\\\/wp_neu\\\/#website\"},\"datePublished\":\"2025-05-22T07:09:10+00:00\",\"dateModified\":\"2025-10-01T08:36:33+00:00\",\"description\":\"Deutsch als Fremdsprache bei den Burgenl\u00e4ndischen Volkshochschulen: Sprachkurse f\u00fcr Alltag, Beruf & Integration \u2013 praxisnah und individuell im Burgenland.\",\"breadcrumb\":{\"@id\":\"https:\\\/\\\/www.vhs-burgenland.at\\\/wp_neu\\\/angebot\\\/sprachen\\\/deutsch-als-fremdsprache\\\/#breadcrumb\"},\"inLanguage\":\"de-AT\",\"potentialAction\":[{\"@type\":\"ReadAction\",\"target\":[\"https:\\\/\\\/www.vhs-burgenland.at\\\/wp_neu\\\/angebot\\\/sprachen\\\/deutsch-als-fremdsprache\\\/\"]}]},{\"@type\":\"BreadcrumbList\",\"@id\":\"https:\\\/\\\/www.vhs-burgenland.at\\\/wp_neu\\\/angebot\\\/sprachen\\\/deutsch-als-fremdsprache\\\/#breadcrumb\",\"itemListElement\":[{\"@type\":\"ListItem\",\"position\":1,\"name\":\"Startseite\",\"item\":\"https:\\\/\\\/www.vhs-burgenland.at\\\/wp_neu\\\/\"},{\"@type\":\"ListItem\",\"position\":2,\"name\":\"Angebot\",\"item\":\"https:\\\/\\\/www.vhs-burgenland.at\\\/wp_neu\\\/angebot\\\/\"},{\"@type\":\"ListItem\",\"position\":3,\"name\":\"Sprachen\",\"item\":\"https:\\\/\\\/www.vhs-burgenland.at\\\/wp_neu\\\/angebot\\\/sprachen\\\/\"},{\"@type\":\"ListItem\",\"position\":4,\"name\":\"Deutsch als Fremdsprache\"}]},{\"@type\":\"WebSite\",\"@id\":\"https:\\\/\\\/www.vhs-burgenland.at\\\/wp_neu\\\/#website\",\"url\":\"https:\\\/\\\/www.vhs-burgenland.at\\\/wp_neu\\\/\",\"name\":\"VHS Burgenl\u00e4ndische Volkshochschulen\",\"description\":\"Wir sind, wo Sie sind!\",\"publisher\":{\"@id\":\"https:\\\/\\\/www.vhs-burgenland.at\\\/wp_neu\\\/#organization\"},\"potentialAction\":[{\"@type\":\"SearchAction\",\"target\":{\"@type\":\"EntryPoint\",\"urlTemplate\":\"https:\\\/\\\/www.vhs-burgenland.at\\\/wp_neu\\\/?s={search_term_string}\"},\"query-input\":{\"@type\":\"PropertyValueSpecification\",\"valueRequired\":true,\"valueName\":\"search_term_string\"}}],\"inLanguage\":\"de-AT\"},{\"@type\":\"Organization\",\"@id\":\"https:\\\/\\\/www.vhs-burgenland.at\\\/wp_neu\\\/#organization\",\"name\":\"VHS Burgenl\u00e4ndische Volkshochschulen\",\"url\":\"https:\\\/\\\/www.vhs-burgenland.at\\\/wp_neu\\\/\",\"logo\":{\"@type\":\"ImageObject\",\"inLanguage\":\"de-AT\",\"@id\":\"https:\\\/\\\/www.vhs-burgenland.at\\\/wp_neu\\\/#\\\/schema\\\/logo\\\/image\\\/\",\"url\":\"https:\\\/\\\/www.vhs-burgenland.at\\\/wp_neu\\\/wp-content\\\/uploads\\\/2025\\\/05\\\/vhs_logo_kl.png\",\"contentUrl\":\"https:\\\/\\\/www.vhs-burgenland.at\\\/wp_neu\\\/wp-content\\\/uploads\\\/2025\\\/05\\\/vhs_logo_kl.png\",\"width\":250,\"height\":52,\"caption\":\"VHS Burgenl\u00e4ndische Volkshochschulen\"},\"image\":{\"@id\":\"https:\\\/\\\/www.vhs-burgenland.at\\\/wp_neu\\\/#\\\/schema\\\/logo\\\/image\\\/\"},\"sameAs\":[\"https:\\\/\\\/www.facebook.com\\\/BurgenlaendischeVolkshochschulen\\\/\",\"https:\\\/\\\/www.instagram.com\\\/vhsburgenland\",\"https:\\\/\\\/www.youtube.com\\\/@burgenlandischevolkshochsc6605\",\"https:\\\/\\\/bsky.app\\\/profile\\\/vhsburgenland.bsky.social\"]}]}<\/script>\n<!-- \/ Yoast SEO plugin. -->","yoast_head_json":{"title":"Deutsch als Fremdsprache - VHS Burgenl\u00e4ndische Volkshochschulen","description":"Deutsch als Fremdsprache bei den Burgenl\u00e4ndischen Volkshochschulen: Sprachkurse f\u00fcr Alltag, Beruf & Integration \u2013 praxisnah und individuell im Burgenland.","robots":{"index":"index","follow":"follow","max-snippet":"max-snippet:-1","max-image-preview":"max-image-preview:large","max-video-preview":"max-video-preview:-1"},"canonical":"https:\/\/www.vhs-burgenland.at\/wp_neu\/angebot\/sprachen\/deutsch-als-fremdsprache\/","og_locale":"de_DE","og_type":"article","og_title":"Deutsch als Fremdsprache - VHS Burgenl\u00e4ndische Volkshochschulen","og_description":"Deutsch als Fremdsprache bei den Burgenl\u00e4ndischen Volkshochschulen: Sprachkurse f\u00fcr Alltag, Beruf & Integration \u2013 praxisnah und individuell im Burgenland.","og_url":"https:\/\/www.vhs-burgenland.at\/wp_neu\/angebot\/sprachen\/deutsch-als-fremdsprache\/","og_site_name":"VHS Burgenl\u00e4ndische Volkshochschulen","article_publisher":"https:\/\/www.facebook.com\/BurgenlaendischeVolkshochschulen\/","article_modified_time":"2025-10-01T08:36:33+00:00","twitter_card":"summary_large_image","twitter_misc":{"Gesch\u00e4tzte Lesezeit":"2 Minuten"},"schema":{"@context":"https:\/\/schema.org","@graph":[{"@type":"WebPage","@id":"https:\/\/www.vhs-burgenland.at\/wp_neu\/angebot\/sprachen\/deutsch-als-fremdsprache\/","url":"https:\/\/www.vhs-burgenland.at\/wp_neu\/angebot\/sprachen\/deutsch-als-fremdsprache\/","name":"Deutsch als Fremdsprache - VHS Burgenl\u00e4ndische Volkshochschulen","isPartOf":{"@id":"https:\/\/www.vhs-burgenland.at\/wp_neu\/#website"},"datePublished":"2025-05-22T07:09:10+00:00","dateModified":"2025-10-01T08:36:33+00:00","description":"Deutsch als Fremdsprache bei den Burgenl\u00e4ndischen Volkshochschulen: Sprachkurse f\u00fcr Alltag, Beruf & Integration \u2013 praxisnah und individuell im Burgenland.","breadcrumb":{"@id":"https:\/\/www.vhs-burgenland.at\/wp_neu\/angebot\/sprachen\/deutsch-als-fremdsprache\/#breadcrumb"},"inLanguage":"de-AT","potentialAction":[{"@type":"ReadAction","target":["https:\/\/www.vhs-burgenland.at\/wp_neu\/angebot\/sprachen\/deutsch-als-fremdsprache\/"]}]},{"@type":"BreadcrumbList","@id":"https:\/\/www.vhs-burgenland.at\/wp_neu\/angebot\/sprachen\/deutsch-als-fremdsprache\/#breadcrumb","itemListElement":[{"@type":"ListItem","position":1,"name":"Startseite","item":"https:\/\/www.vhs-burgenland.at\/wp_neu\/"},{"@type":"ListItem","position":2,"name":"Angebot","item":"https:\/\/www.vhs-burgenland.at\/wp_neu\/angebot\/"},{"@type":"ListItem","position":3,"name":"Sprachen","item":"https:\/\/www.vhs-burgenland.at\/wp_neu\/angebot\/sprachen\/"},{"@type":"ListItem","position":4,"name":"Deutsch als Fremdsprache"}]},{"@type":"WebSite","@id":"https:\/\/www.vhs-burgenland.at\/wp_neu\/#website","url":"https:\/\/www.vhs-burgenland.at\/wp_neu\/","name":"VHS Burgenl\u00e4ndische Volkshochschulen","description":"Wir sind, wo Sie sind!","publisher":{"@id":"https:\/\/www.vhs-burgenland.at\/wp_neu\/#organization"},"potentialAction":[{"@type":"SearchAction","target":{"@type":"EntryPoint","urlTemplate":"https:\/\/www.vhs-burgenland.at\/wp_neu\/?s={search_term_string}"},"query-input":{"@type":"PropertyValueSpecification","valueRequired":true,"valueName":"search_term_string"}}],"inLanguage":"de-AT"},{"@type":"Organization","@id":"https:\/\/www.vhs-burgenland.at\/wp_neu\/#organization","name":"VHS Burgenl\u00e4ndische Volkshochschulen","url":"https:\/\/www.vhs-burgenland.at\/wp_neu\/","logo":{"@type":"ImageObject","inLanguage":"de-AT","@id":"https:\/\/www.vhs-burgenland.at\/wp_neu\/#\/schema\/logo\/image\/","url":"https:\/\/www.vhs-burgenland.at\/wp_neu\/wp-content\/uploads\/2025\/05\/vhs_logo_kl.png","contentUrl":"https:\/\/www.vhs-burgenland.at\/wp_neu\/wp-content\/uploads\/2025\/05\/vhs_logo_kl.png","width":250,"height":52,"caption":"VHS Burgenl\u00e4ndische Volkshochschulen"},"image":{"@id":"https:\/\/www.vhs-burgenland.at\/wp_neu\/#\/schema\/logo\/image\/"},"sameAs":["https:\/\/www.facebook.com\/BurgenlaendischeVolkshochschulen\/","https:\/\/www.instagram.com\/vhsburgenland","https:\/\/www.youtube.com\/@burgenlandischevolkshochsc6605","https:\/\/bsky.app\/profile\/vhsburgenland.bsky.social"]}]}},"_links":{"self":[{"href":"https:\/\/www.vhs-burgenland.at\/wp_neu\/wp-json\/wp\/v2\/pages\/2001","targetHints":{"allow":["GET"]}}],"collection":[{"href":"https:\/\/www.vhs-burgenland.at\/wp_neu\/wp-json\/wp\/v2\/pages"}],"about":[{"href":"https:\/\/www.vhs-burgenland.at\/wp_neu\/wp-json\/wp\/v2\/types\/page"}],"author":[{"embeddable":true,"href":"https:\/\/www.vhs-burgenland.at\/wp_neu\/wp-json\/wp\/v2\/users\/1"}],"replies":[{"embeddable":true,"href":"https:\/\/www.vhs-burgenland.at\/wp_neu\/wp-json\/wp\/v2\/comments?post=2001"}],"version-history":[{"count":10,"href":"https:\/\/www.vhs-burgenland.at\/wp_neu\/wp-json\/wp\/v2\/pages\/2001\/revisions"}],"predecessor-version":[{"id":3817,"href":"https:\/\/www.vhs-burgenland.at\/wp_neu\/wp-json\/wp\/v2\/pages\/2001\/revisions\/3817"}],"up":[{"embeddable":true,"href":"https:\/\/www.vhs-burgenland.at\/wp_neu\/wp-json\/wp\/v2\/pages\/287"}],"wp:attachment":[{"href":"https:\/\/www.vhs-burgenland.at\/wp_neu\/wp-json\/wp\/v2\/media?parent=2001"}],"curies":[{"name":"wp","href":"https:\/\/api.w.org\/{rel}","templated":true}]}}