{"version":"1.0","provider_name":"VHS Burgenl\u00e4ndische Volkshochschulen","provider_url":"https:\/\/www.vhs-burgenland.at\/wp_neu","author_name":"Heike Steinmetz","author_url":"https:\/\/www.vhs-burgenland.at\/wp_neu\/author\/heike\/","title":"J\u00fcdische Spuren in Stadtschlaining - VHS Burgenl\u00e4ndische Volkshochschulen","type":"rich","width":600,"height":338,"html":"<blockquote class=\"wp-embedded-content\" data-secret=\"KNjrrUWlUg\"><a href=\"https:\/\/www.vhs-burgenland.at\/wp_neu\/mc-events\/juedische-spuren-in-stadtschlaining\/\">J\u00fcdische Spuren in Stadtschlaining<\/a><\/blockquote><iframe sandbox=\"allow-scripts\" security=\"restricted\" src=\"https:\/\/www.vhs-burgenland.at\/wp_neu\/mc-events\/juedische-spuren-in-stadtschlaining\/embed\/#?secret=KNjrrUWlUg\" width=\"600\" height=\"338\" title=\"&#8222;J\u00fcdische Spuren in Stadtschlaining&#8220; &#8212; VHS Burgenl\u00e4ndische Volkshochschulen\" data-secret=\"KNjrrUWlUg\" frameborder=\"0\" marginwidth=\"0\" marginheight=\"0\" scrolling=\"no\" class=\"wp-embedded-content\"><\/iframe><script>\n\/*! This file is auto-generated *\/\n!function(d,l){\"use strict\";l.querySelector&&d.addEventListener&&\"undefined\"!=typeof URL&&(d.wp=d.wp||{},d.wp.receiveEmbedMessage||(d.wp.receiveEmbedMessage=function(e){var t=e.data;if((t||t.secret||t.message||t.value)&&!\/[^a-zA-Z0-9]\/.test(t.secret)){for(var s,r,n,a=l.querySelectorAll('iframe[data-secret=\"'+t.secret+'\"]'),o=l.querySelectorAll('blockquote[data-secret=\"'+t.secret+'\"]'),c=new RegExp(\"^https?:$\",\"i\"),i=0;i<o.length;i++)o[i].style.display=\"none\";for(i=0;i<a.length;i++)s=a[i],e.source===s.contentWindow&&(s.removeAttribute(\"style\"),\"height\"===t.message?(1e3<(r=parseInt(t.value,10))?r=1e3:~~r<200&&(r=200),s.height=r):\"link\"===t.message&&(r=new URL(s.getAttribute(\"src\")),n=new URL(t.value),c.test(n.protocol))&&n.host===r.host&&l.activeElement===s&&(d.top.location.href=t.value))}},d.addEventListener(\"message\",d.wp.receiveEmbedMessage,!1),l.addEventListener(\"DOMContentLoaded\",function(){for(var e,t,s=l.querySelectorAll(\"iframe.wp-embedded-content\"),r=0;r<s.length;r++)(t=(e=s[r]).getAttribute(\"data-secret\"))||(t=Math.random().toString(36).substring(2,12),e.src+=\"#?secret=\"+t,e.setAttribute(\"data-secret\",t)),e.contentWindow.postMessage({message:\"ready\",secret:t},\"*\")},!1)))}(window,document);\n\/\/# sourceURL=https:\/\/www.vhs-burgenland.at\/wp_neu\/wp-includes\/js\/wp-embed.min.js\n<\/script>\n","description":"Die Rundg\u00e4nge thematisieren die Geschichte der j\u00fcdischen Gemeinden, die mit der nationalsozialistischen Machtergreifung ausgel\u00f6scht wurde. Wir werden Stationen ehemals j\u00fcdischen Lebens aufsuchen und den j\u00fcdischen Friedhof besuchen. M\u00e4nner ben\u00f6tigen f\u00fcr den Friedhofsbesuch eine Kopfbedeckung. Begleitung: Mag.a Dr.in Lisa Fandl Beitrag: \u20ac 16,00 Anmeldung: 0 33 52\/ 34 525, oberwart@vhs-burgenland.at &nbsp;"}